{"id":38,"date":"2026-02-17T14:13:33","date_gmt":"2026-02-17T13:13:33","guid":{"rendered":"https:\/\/eartphoto.synology.me\/archiv\/?page_id=38"},"modified":"2026-03-08T19:54:12","modified_gmt":"2026-03-08T18:54:12","slug":"vita","status":"publish","type":"page","link":"https:\/\/eartphoto.synology.me\/archiv\/?page_id=38","title":{"rendered":"Vita"},"content":{"rendered":"\t\t<div data-elementor-type=\"wp-page\" data-elementor-id=\"38\" class=\"elementor elementor-38\">\n\t\t\t\t<div class=\"elementor-element elementor-element-183f5b3 e-con-full e-flex e-con e-parent\" data-id=\"183f5b3\" data-element_type=\"container\" data-e-type=\"container\">\n\t\t<div class=\"elementor-element elementor-element-d90b9c9 e-con-full e-flex e-con e-child\" data-id=\"d90b9c9\" data-element_type=\"container\" data-e-type=\"container\">\n\t\t\t\t<div class=\"elementor-element elementor-element-a52460e elementor-widget elementor-widget-image\" data-id=\"a52460e\" data-element_type=\"widget\" data-e-type=\"widget\" data-widget_type=\"image.default\">\n\t\t\t\t\t\t\t\t\t\t\t\t\t\t\t<img decoding=\"async\" width=\"150\" height=\"150\" src=\"https:\/\/eartphoto.synology.me\/archiv\/wp-content\/uploads\/2026\/02\/elgerportraet_sw250x250-150x150.jpg\" class=\"attachment-thumbnail size-thumbnail wp-image-51\" alt=\"\" srcset=\"https:\/\/eartphoto.synology.me\/archiv\/wp-content\/uploads\/2026\/02\/elgerportraet_sw250x250-150x150.jpg 150w, https:\/\/eartphoto.synology.me\/archiv\/wp-content\/uploads\/2026\/02\/elgerportraet_sw250x250-200x200.jpg 200w, https:\/\/eartphoto.synology.me\/archiv\/wp-content\/uploads\/2026\/02\/elgerportraet_sw250x250.jpg 250w\" sizes=\"(max-width: 150px) 100vw, 150px\" \/>\t\t\t\t\t\t\t\t\t\t\t\t\t\t\t<\/div>\n\t\t\t\t<\/div>\n\t\t<div class=\"elementor-element elementor-element-622be74 e-con-full e-flex e-con e-child\" data-id=\"622be74\" data-element_type=\"container\" data-e-type=\"container\">\n\t\t\t\t<div class=\"elementor-element elementor-element-026f6e1 elementor-widget elementor-widget-text-editor\" data-id=\"026f6e1\" data-element_type=\"widget\" data-e-type=\"widget\" data-widget_type=\"text-editor.default\">\n\t\t\t\t\t\t\t\t\t<p><strong>Awards: u.a.<\/strong><br \/>2011 Kodak-Fotokalenderpreis Stuttgart<br \/>2011 Preistr\u00e4ger des Internationalen Kalenderpreises Japan Tokio\/Osaka \u2013 Bronze<br \/>2008 Hasselbladmasters Finalist, Architekturfotografie<\/p>\t\t\t\t\t\t\t\t<\/div>\n\t\t\t\t<div class=\"elementor-element elementor-element-dfab0a2 elementor-widget elementor-widget-text-editor\" data-id=\"dfab0a2\" data-element_type=\"widget\" data-e-type=\"widget\" data-widget_type=\"text-editor.default\">\n\t\t\t\t\t\t\t\t\t<p><strong>VITA \u2013 Torsten Elger<\/strong><br \/>Jahrgang 1958, Abitur, Diplomkulturwissenschaftler\/Humboldt Universit\u00e4t, <br \/>Mitglied der VG BILD KUNST<\/p><p>1981 \u2013 1991 K\u00fcnstlergruppe \u201eFEBRUARKOLLEKTIEF\u201c szenografische Arbeiten, Rauminstallationen, Fassaden- und Raumgestaltungen,<br \/>1992 \u2013 2008 Arbeit als Dozent f\u00fcr Computergrafikdesign in Berlin, Essen, M\u00fcnchen und am Bauhaus Dessau <br \/>1999 selbstst\u00e4ndiger Foto-Grafik-Designer<\/p><p>2000 Arbeiten f\u00fcr gr\u00f6\u00dfere Agenturen, Firmen und Verlage, u.a. f\u00fcr mauritius images, Bertelsmann; Spiegel, Welt<br \/>2006 Arbeit an hochaufl\u00f6senden Real-Composings <br \/>Ab 2010 div. gro\u00dfformatige Fotokunstkalender<\/p><p>2014 verst\u00e4rkt fotografische Dokumentationen und Arbeiten als Grafiker\/Infografiker mit dem Schwerpunkten die Industrie und Architektur\/Interior<br \/>2021 Entw\u00fcrfe f\u00fcr die Fassadengestaltung von W\u00e4rmespeichern der Stadtwerke Mannheim, Saarbr\u00fccken und Vattenfall<\/p><p>2021 Bildserie H\u00f6henpunkte \u2013 Diversit\u00e4t von sakralen Turmbauten in Berlin<\/p>\t\t\t\t\t\t\t\t<\/div>\n\t\t\t\t<div class=\"elementor-element elementor-element-c68ca06 elementor-widget elementor-widget-text-editor\" data-id=\"c68ca06\" data-element_type=\"widget\" data-e-type=\"widget\" data-widget_type=\"text-editor.default\">\n\t\t\t\t\t\t\t\t\t<p><strong>Ausstellungen:<br \/><\/strong>2021 virtuelle Galerie zum Fotokunstprojekt \u201eH\u00f6henpunkte \u2013 Diversit\u00e4t sakraler Turmbauten<a href=\"https:\/\/eartphoto.synology.me\/archiv\/?page_id=238\"> in Berlin\u201c<\/a><br \/><a href=\"https:\/\/elgerart.de\/novemberreste\/\">2020 virtuelle Ausstellung \u201eNovemberreste\u201c <\/a>+ <a href=\"https:\/\/elgerart.de\/vr-galerie-heavenly-spaces\/\">\u201eHeavenly Places \u2013 inside &amp; outside\u201c<\/a><br \/>2014 \u201eDie Lettertypen\u201c \u2013 Gruppenausstellung in Berlin<br \/>2013 Einzelausstellung in der Deutschen Botschaft in Kanada\/Ottawa<br \/>2012 Einzelausstellung in Moskau (Deutsche Botschaft in Moskau)<br \/>2010 Gruppenausstellung 15 Jahre Haus Schwarzenberg, Berlin-Mitte<br \/>2008-2011 div. Einzelausstellungen in Ru\u00dfland und 2010 in Kasachstan (Auftraggeber Ausw\u00e4rtiges Amt\/Deutschen Botschaft)<br \/><a href=\"https:\/\/elgerart.de\/heavenly-places-vernissage-united-visons-berlin-2008\/\">2008 Einzelausstellung bei UNITED VISIONS in Berlin<\/a><br \/>2008 Pr\u00e4sentation auf der Photokina\/K\u00f6ln<br \/>2008 Einzelausstellung \u201eHeavenly-Places\u201c, MDR Funkhaus Magdeburg<br \/>2008 Portfolio in der PROFIFOTO,<br \/>2006 Einzelausstellung capgemini Deutschland <br \/>2006 Fotografiken auf Glas, Installation im Kongress Center des Biotechparks Berlin (ehem. Schering)<\/p>\t\t\t\t\t\t\t\t<\/div>\n\t\t\t\t<div class=\"elementor-element elementor-element-6b70b16 elementor-widget elementor-widget-image\" data-id=\"6b70b16\" data-element_type=\"widget\" data-e-type=\"widget\" data-widget_type=\"image.default\">\n\t\t\t\t\t\t\t\t\t\t\t\t<figure class=\"wp-caption\">\n\t\t\t\t\t\t\t\t\t\t<img fetchpriority=\"high\" decoding=\"async\" width=\"1707\" height=\"772\" src=\"https:\/\/eartphoto.synology.me\/archiv\/wp-content\/uploads\/2026\/02\/bikeElgerMDR.jpg\" class=\"attachment-full size-full wp-image-52\" alt=\"\" srcset=\"https:\/\/eartphoto.synology.me\/archiv\/wp-content\/uploads\/2026\/02\/bikeElgerMDR.jpg 1707w, https:\/\/eartphoto.synology.me\/archiv\/wp-content\/uploads\/2026\/02\/bikeElgerMDR-300x136.jpg 300w, https:\/\/eartphoto.synology.me\/archiv\/wp-content\/uploads\/2026\/02\/bikeElgerMDR-1024x463.jpg 1024w, https:\/\/eartphoto.synology.me\/archiv\/wp-content\/uploads\/2026\/02\/bikeElgerMDR-768x347.jpg 768w, https:\/\/eartphoto.synology.me\/archiv\/wp-content\/uploads\/2026\/02\/bikeElgerMDR-1536x695.jpg 1536w, https:\/\/eartphoto.synology.me\/archiv\/wp-content\/uploads\/2026\/02\/bikeElgerMDR-442x200.jpg 442w\" sizes=\"(max-width: 1707px) 100vw, 1707px\" \/>\t\t\t\t\t\t\t\t\t\t\t<figcaption class=\"widget-image-caption wp-caption-text\">MDR Funkhaus  |  Ausstellung 2008<\/figcaption>\n\t\t\t\t\t\t\t\t\t\t<\/figure>\n\t\t\t\t\t\t\t\t\t<\/div>\n\t\t\t\t<div class=\"elementor-element elementor-element-11b7388 elementor-widget elementor-widget-image\" data-id=\"11b7388\" data-element_type=\"widget\" data-e-type=\"widget\" data-widget_type=\"image.default\">\n\t\t\t\t\t\t\t\t\t\t\t\t<figure class=\"wp-caption\">\n\t\t\t\t\t\t\t\t\t\t<img decoding=\"async\" width=\"2560\" height=\"610\" src=\"https:\/\/eartphoto.synology.me\/archiv\/wp-content\/uploads\/2026\/02\/MDR-Fotoausstellung-scaled-1.jpg\" class=\"attachment-full size-full wp-image-50\" alt=\"\" srcset=\"https:\/\/eartphoto.synology.me\/archiv\/wp-content\/uploads\/2026\/02\/MDR-Fotoausstellung-scaled-1.jpg 2560w, https:\/\/eartphoto.synology.me\/archiv\/wp-content\/uploads\/2026\/02\/MDR-Fotoausstellung-scaled-1-300x71.jpg 300w, https:\/\/eartphoto.synology.me\/archiv\/wp-content\/uploads\/2026\/02\/MDR-Fotoausstellung-scaled-1-1024x244.jpg 1024w, https:\/\/eartphoto.synology.me\/archiv\/wp-content\/uploads\/2026\/02\/MDR-Fotoausstellung-scaled-1-768x183.jpg 768w, https:\/\/eartphoto.synology.me\/archiv\/wp-content\/uploads\/2026\/02\/MDR-Fotoausstellung-scaled-1-1536x366.jpg 1536w, https:\/\/eartphoto.synology.me\/archiv\/wp-content\/uploads\/2026\/02\/MDR-Fotoausstellung-scaled-1-2048x488.jpg 2048w, https:\/\/eartphoto.synology.me\/archiv\/wp-content\/uploads\/2026\/02\/MDR-Fotoausstellung-scaled-1-839x200.jpg 839w\" sizes=\"(max-width: 2560px) 100vw, 2560px\" \/>\t\t\t\t\t\t\t\t\t\t\t<figcaption class=\"widget-image-caption wp-caption-text\">MDR - Ausstellung 2008<\/figcaption>\n\t\t\t\t\t\t\t\t\t\t<\/figure>\n\t\t\t\t\t\t\t\t\t<\/div>\n\t\t\t\t<div class=\"elementor-element elementor-element-37ed453 elementor-widget elementor-widget-image\" data-id=\"37ed453\" data-element_type=\"widget\" data-e-type=\"widget\" data-widget_type=\"image.default\">\n\t\t\t\t\t\t\t\t\t\t\t\t<figure class=\"wp-caption\">\n\t\t\t\t\t\t\t\t\t\t<img loading=\"lazy\" decoding=\"async\" width=\"1024\" height=\"432\" src=\"https:\/\/eartphoto.synology.me\/archiv\/wp-content\/uploads\/2026\/02\/elger-portfolio_profifoto-03-2008-1024x432.jpg\" class=\"attachment-large size-large wp-image-49\" alt=\"\" srcset=\"https:\/\/eartphoto.synology.me\/archiv\/wp-content\/uploads\/2026\/02\/elger-portfolio_profifoto-03-2008-1024x432.jpg 1024w, https:\/\/eartphoto.synology.me\/archiv\/wp-content\/uploads\/2026\/02\/elger-portfolio_profifoto-03-2008-300x127.jpg 300w, https:\/\/eartphoto.synology.me\/archiv\/wp-content\/uploads\/2026\/02\/elger-portfolio_profifoto-03-2008-768x324.jpg 768w, https:\/\/eartphoto.synology.me\/archiv\/wp-content\/uploads\/2026\/02\/elger-portfolio_profifoto-03-2008-1536x649.jpg 1536w, https:\/\/eartphoto.synology.me\/archiv\/wp-content\/uploads\/2026\/02\/elger-portfolio_profifoto-03-2008-474x200.jpg 474w, https:\/\/eartphoto.synology.me\/archiv\/wp-content\/uploads\/2026\/02\/elger-portfolio_profifoto-03-2008.jpg 1653w\" sizes=\"(max-width: 1024px) 100vw, 1024px\" \/>\t\t\t\t\t\t\t\t\t\t\t<figcaption class=\"widget-image-caption wp-caption-text\">Portfolio in der Fotofachzeitschrift PROFIFOTO M\u00e4rz 2008<\/figcaption>\n\t\t\t\t\t\t\t\t\t\t<\/figure>\n\t\t\t\t\t\t\t\t\t<\/div>\n\t\t\t\t<div class=\"elementor-element elementor-element-1c6ca37 elementor-widget elementor-widget-image\" data-id=\"1c6ca37\" data-element_type=\"widget\" data-e-type=\"widget\" data-widget_type=\"image.default\">\n\t\t\t\t\t\t\t\t\t\t\t\t<figure class=\"wp-caption\">\n\t\t\t\t\t\t\t\t\t\t<img loading=\"lazy\" decoding=\"async\" width=\"1024\" height=\"270\" src=\"https:\/\/eartphoto.synology.me\/archiv\/wp-content\/uploads\/2026\/02\/04_BerlinKastanienalleeSommer20061-1024x270.jpg\" class=\"attachment-large size-large wp-image-47\" alt=\"\" srcset=\"https:\/\/eartphoto.synology.me\/archiv\/wp-content\/uploads\/2026\/02\/04_BerlinKastanienalleeSommer20061-1024x270.jpg 1024w, https:\/\/eartphoto.synology.me\/archiv\/wp-content\/uploads\/2026\/02\/04_BerlinKastanienalleeSommer20061-300x79.jpg 300w, https:\/\/eartphoto.synology.me\/archiv\/wp-content\/uploads\/2026\/02\/04_BerlinKastanienalleeSommer20061-768x202.jpg 768w, https:\/\/eartphoto.synology.me\/archiv\/wp-content\/uploads\/2026\/02\/04_BerlinKastanienalleeSommer20061-759x200.jpg 759w, https:\/\/eartphoto.synology.me\/archiv\/wp-content\/uploads\/2026\/02\/04_BerlinKastanienalleeSommer20061.jpg 1500w\" sizes=\"(max-width: 1024px) 100vw, 1024px\" \/>\t\t\t\t\t\t\t\t\t\t\t<figcaption class=\"widget-image-caption wp-caption-text\">Hasselblad-Masters 2008<\/figcaption>\n\t\t\t\t\t\t\t\t\t\t<\/figure>\n\t\t\t\t\t\t\t\t\t<\/div>\n\t\t\t\t<div class=\"elementor-element elementor-element-153e305 elementor-widget elementor-widget-image\" data-id=\"153e305\" data-element_type=\"widget\" data-e-type=\"widget\" data-widget_type=\"image.default\">\n\t\t\t\t\t\t\t\t\t\t\t\t<figure class=\"wp-caption\">\n\t\t\t\t\t\t\t\t\t\t<img loading=\"lazy\" decoding=\"async\" width=\"775\" height=\"768\" src=\"https:\/\/eartphoto.synology.me\/archiv\/wp-content\/uploads\/2026\/02\/05_BerlinKunsthof.jpg\" class=\"attachment-full size-full wp-image-48\" alt=\"\" srcset=\"https:\/\/eartphoto.synology.me\/archiv\/wp-content\/uploads\/2026\/02\/05_BerlinKunsthof.jpg 775w, https:\/\/eartphoto.synology.me\/archiv\/wp-content\/uploads\/2026\/02\/05_BerlinKunsthof-300x297.jpg 300w, https:\/\/eartphoto.synology.me\/archiv\/wp-content\/uploads\/2026\/02\/05_BerlinKunsthof-150x150.jpg 150w, https:\/\/eartphoto.synology.me\/archiv\/wp-content\/uploads\/2026\/02\/05_BerlinKunsthof-768x761.jpg 768w, https:\/\/eartphoto.synology.me\/archiv\/wp-content\/uploads\/2026\/02\/05_BerlinKunsthof-202x200.jpg 202w\" sizes=\"(max-width: 775px) 100vw, 775px\" \/>\t\t\t\t\t\t\t\t\t\t\t<figcaption class=\"widget-image-caption wp-caption-text\">Hasselblad-Masters 2008<\/figcaption>\n\t\t\t\t\t\t\t\t\t\t<\/figure>\n\t\t\t\t\t\t\t\t\t<\/div>\n\t\t\t\t<\/div>\n\t\t\t\t<\/div>\n\t\t\t\t<\/div>\n\t\t","protected":false},"excerpt":{"rendered":"<p>Awards: u.a.2011 Kodak-Fotokalenderpreis Stuttgart2011 Preistr\u00e4ger des Internationalen Kalenderpreises Japan Tokio\/Osaka \u2013 Bronze2008 Hasselbladmasters Finalist, Architekturfotografie VITA \u2013 Torsten ElgerJahrgang 1958, Abitur, Diplomkulturwissenschaftler\/Humboldt Universit\u00e4t, Mitglied der VG BILD KUNST 1981 \u2013 1991 K\u00fcnstlergruppe \u201eFEBRUARKOLLEKTIEF\u201c szenografische Arbeiten, Rauminstallationen, Fassaden- und Raumgestaltungen,1992 \u2013 2008 Arbeit als Dozent f\u00fcr Computergrafikdesign in Berlin, Essen, M\u00fcnchen &hellip;<\/p>\n","protected":false},"author":1,"featured_media":0,"parent":0,"menu_order":0,"comment_status":"closed","ping_status":"closed","template":"elementor_header_footer","meta":{"footnotes":""},"class_list":["post-38","page","type-page","status-publish","hentry"],"_links":{"self":[{"href":"https:\/\/eartphoto.synology.me\/archiv\/index.php?rest_route=\/wp\/v2\/pages\/38","targetHints":{"allow":["GET"]}}],"collection":[{"href":"https:\/\/eartphoto.synology.me\/archiv\/index.php?rest_route=\/wp\/v2\/pages"}],"about":[{"href":"https:\/\/eartphoto.synology.me\/archiv\/index.php?rest_route=\/wp\/v2\/types\/page"}],"author":[{"embeddable":true,"href":"https:\/\/eartphoto.synology.me\/archiv\/index.php?rest_route=\/wp\/v2\/users\/1"}],"replies":[{"embeddable":true,"href":"https:\/\/eartphoto.synology.me\/archiv\/index.php?rest_route=%2Fwp%2Fv2%2Fcomments&post=38"}],"version-history":[{"count":22,"href":"https:\/\/eartphoto.synology.me\/archiv\/index.php?rest_route=\/wp\/v2\/pages\/38\/revisions"}],"predecessor-version":[{"id":252,"href":"https:\/\/eartphoto.synology.me\/archiv\/index.php?rest_route=\/wp\/v2\/pages\/38\/revisions\/252"}],"wp:attachment":[{"href":"https:\/\/eartphoto.synology.me\/archiv\/index.php?rest_route=%2Fwp%2Fv2%2Fmedia&parent=38"}],"curies":[{"name":"wp","href":"https:\/\/api.w.org\/{rel}","templated":true}]}}